{"id":1007,"date":"2019-04-14T10:38:15","date_gmt":"2019-04-14T10:38:15","guid":{"rendered":"http:\/\/fwg-weissenthurm.de\/?page_id=1007"},"modified":"2019-04-14T10:39:14","modified_gmt":"2019-04-14T10:39:14","slug":"fwg-stellt-sich-vor","status":"publish","type":"page","link":"http:\/\/fwg-weissenthurm.de\/?page_id=1007","title":{"rendered":"FWG stellt sich vor"},"content":{"rendered":"\n<p>Am 10.4.2019 stellte sich die FWG Wei\u00dfenthurm mit ihren Kandidaten f\u00fcr die Wahl zum Stadtrat einer breiten \u00d6ffentlichkeit vor. Zun\u00e4chst gab der bisherige \u00a0Fraktionsvorsitzende Christoph Thilmann einen kurzen R\u00fcckblick auf die Arbeit im Stadtrat. Er zeigte sich zufrieden mit dem Erreichten, \u00e4u\u00dferte sich aber auch selbstkritisch \u00fcber das, was nicht erreicht werden konnte. <\/p>\n\n\n\n<figure class=\"wp-block-image\"><img loading=\"lazy\" decoding=\"async\" width=\"1024\" height=\"683\" src=\"http:\/\/fwg-weissenthurm.de\/wp-content\/uploads\/2019\/04\/2019_04_11-FWG-b-1024x683.jpg\" alt=\"\" class=\"wp-image-1008\" srcset=\"http:\/\/fwg-weissenthurm.de\/wp-content\/uploads\/2019\/04\/2019_04_11-FWG-b-1024x683.jpg 1024w, http:\/\/fwg-weissenthurm.de\/wp-content\/uploads\/2019\/04\/2019_04_11-FWG-b-300x200.jpg 300w, http:\/\/fwg-weissenthurm.de\/wp-content\/uploads\/2019\/04\/2019_04_11-FWG-b-768x512.jpg 768w, http:\/\/fwg-weissenthurm.de\/wp-content\/uploads\/2019\/04\/2019_04_11-FWG-b-306x205.jpg 306w\" sizes=\"auto, (max-width: 1024px) 100vw, 1024px\" \/><\/figure>\n\n\n\n<p>Er erl\u00e4uterte z.B. die Bedeutung eines Stadtentwicklungskonzeptes. Hier k\u00f6nnte \u00fcber Parteigrenzen hinweg und mit der engen Einbindung der B\u00fcrger das Gesicht der Stadt Wei\u00dfenthurm f\u00fcr die n\u00e4chsten 20 Jahren entwickelt werden. Es k\u00f6nnten Werte wie Tradition, Miteinander, Schutz der Gesundheit und des Klimas gef\u00f6rdert und konkrete Schritte formuliert werden, wie sie erreicht werden k\u00f6nnten. Dieses Projekt konnte leider nicht eingeleitet werden. So konnte in Anbetracht der Mehrheitsverh\u00e4ltnisse auch nicht die vermutlich schwerste Fehlentscheidung der abgelaufenen Wahlperiode verhindert werden. Es hatte die M\u00f6glichkeit bestanden, den Wei\u00dfenthurmer Hafen zun\u00e4chst stillzulegen und ihn im Rahmen der Stadtkernsanierung II zur\u00fcckzubauen. Man h\u00e4tte Staub und Krach reduzieren und dazu noch den Ortseingang \u00a0attraktiv gestalten k\u00f6nnen. Stattdessen wurde er gegen die Stimmen der FWG und von der \u00d6ffentlichkeit weitgehend unbemerkt f\u00fcr ca. eine halbe Mio. Euro ert\u00fcchtigt. Damit ist ein R\u00fcckbau in den n\u00e4chsten 25-40 Jahren ausgeschlossen. <\/p>\n\n\n\n<p>Im Anschluss konnten\nsich die 16 Kandidatinnen und Kandidaten der FWG Wei\u00dfenthurm, die sich k\u00fcnftig\nin den Gremien der Stadt Wei\u00dfenthurm ehrenamtlich und uneigenn\u00fctzig engagieren\nwollen, in \u00fcberzeugender Weise mit ihren Schwerpunkten vorstellen. Es wurden\nThemen wie F\u00f6rderung des Miteinanders, der Barrierefreiheit, des Fahrrad- und Nahverkehrs,\naber auch &nbsp;L\u00e4rm- und Klimaschutz und der\nKampf f\u00fcr mehr Gr\u00fcn in Wei\u00dfenthurm genannt. Die Lust auf sachorientierte und\nb\u00fcrgernahe Kommunalpolitik war bei allen deutlich zu sp\u00fcren. Ein gutes\nWahlergebnis w\u00e4re f\u00fcr die Umsetzung nat\u00fcrlich hilfreich. Fast noch wichtiger\nw\u00e4re aber eine hohe Wahlbeteiligung insgesamt, damit der kommende Stadtrat eine\nbreite R\u00fcckendeckung durch die Bev\u00f6lkerung hat, aber auch f\u00fcr ein starkes Wei\u00dfenthurm\nin einer starken Verbandsgemeinde. Es sind 5 Wei\u00dfenthurmer im Verbandsgemeinderat,\nbezogen auf die Bev\u00f6lkerung m\u00fcssten es 10 sein. Schuld darin ist die miserable\nWahlbeteiligung in Wei\u00dfenthurm bei der letzten Wahl 2014. Daher versprachen die\nKandidaten einen fairen und respektvollen Wahlkampf, der m\u00f6glichst viele\nWei\u00dfenthurmer dazu veranlassen soll, zur Wahl zu gehen. <\/p>\n","protected":false},"excerpt":{"rendered":"<p>Am 10.4.2019 stellte sich die FWG Wei\u00dfenthurm mit ihren Kandidaten f\u00fcr die Wahl zum Stadtrat einer breiten \u00d6ffentlichkeit vor. Zun\u00e4chst gab der bisherige \u00a0Fraktionsvorsitzende Christoph Thilmann einen kurzen R\u00fcckblick auf die Arbeit im Stadtrat. Er zeigte sich zufrieden mit dem&hellip; <\/p>\n","protected":false},"author":1,"featured_media":0,"parent":166,"menu_order":0,"comment_status":"closed","ping_status":"closed","template":"","meta":{"footnotes":""},"class_list":["post-1007","page","type-page","status-publish","hentry"],"_links":{"self":[{"href":"http:\/\/fwg-weissenthurm.de\/index.php?rest_route=\/wp\/v2\/pages\/1007","targetHints":{"allow":["GET"]}}],"collection":[{"href":"http:\/\/fwg-weissenthurm.de\/index.php?rest_route=\/wp\/v2\/pages"}],"about":[{"href":"http:\/\/fwg-weissenthurm.de\/index.php?rest_route=\/wp\/v2\/types\/page"}],"author":[{"embeddable":true,"href":"http:\/\/fwg-weissenthurm.de\/index.php?rest_route=\/wp\/v2\/users\/1"}],"replies":[{"embeddable":true,"href":"http:\/\/fwg-weissenthurm.de\/index.php?rest_route=%2Fwp%2Fv2%2Fcomments&post=1007"}],"version-history":[{"count":1,"href":"http:\/\/fwg-weissenthurm.de\/index.php?rest_route=\/wp\/v2\/pages\/1007\/revisions"}],"predecessor-version":[{"id":1009,"href":"http:\/\/fwg-weissenthurm.de\/index.php?rest_route=\/wp\/v2\/pages\/1007\/revisions\/1009"}],"up":[{"embeddable":true,"href":"http:\/\/fwg-weissenthurm.de\/index.php?rest_route=\/wp\/v2\/pages\/166"}],"wp:attachment":[{"href":"http:\/\/fwg-weissenthurm.de\/index.php?rest_route=%2Fwp%2Fv2%2Fmedia&parent=1007"}],"curies":[{"name":"wp","href":"https:\/\/api.w.org\/{rel}","templated":true}]}}