{"id":298,"date":"2018-11-24T19:40:05","date_gmt":"2018-11-24T19:40:05","guid":{"rendered":"http:\/\/fwg-weissenthurm.de\/?page_id=298"},"modified":"2023-06-08T15:04:51","modified_gmt":"2023-06-08T15:04:51","slug":"aktionen","status":"publish","type":"page","link":"http:\/\/fwg-weissenthurm.de\/?page_id=298","title":{"rendered":"Besondere Aktivit\u00e4ten 2014 &#8211; 2019"},"content":{"rendered":"<p>Die FWG erreichte, dass nach 35 Jahren die unsinnigen Zwischengel\u00e4nder an den Br\u00fcckenaufg\u00e4ngen von der Bahnhofstra\u00dfe abmontiert wurden.<\/p>\n<p><a href=\"http:\/\/fwg-weissenthurm.de\/wp-content\/uploads\/2018\/11\/20160208_155656-e1543088219370.jpg\"><img loading=\"lazy\" decoding=\"async\" class=\"size-full wp-image-300\" src=\"http:\/\/fwg-weissenthurm.de\/wp-content\/uploads\/2018\/11\/20160208_155656-e1543088219370.jpg\" alt=\"\" width=\"480\" height=\"640\" srcset=\"http:\/\/fwg-weissenthurm.de\/wp-content\/uploads\/2018\/11\/20160208_155656-e1543088219370.jpg 480w, http:\/\/fwg-weissenthurm.de\/wp-content\/uploads\/2018\/11\/20160208_155656-e1543088219370-225x300.jpg 225w\" sizes=\"auto, (max-width: 480px) 100vw, 480px\" \/><\/a><\/p>\n<p>Monatelang fehlte ein Rost am Br\u00fcckenaufgang. Nachdem die Stadt mehrfach darauf aufmerksam gemacht wurde, hat die FWG dann doch selbst Hand angelegt.<\/p>\n<p><a href=\"http:\/\/fwg-weissenthurm.de\/wp-content\/uploads\/2018\/11\/Rost-wird-eingesetzt.jpg\"><img loading=\"lazy\" decoding=\"async\" class=\"alignnone size-full wp-image-295\" src=\"http:\/\/fwg-weissenthurm.de\/wp-content\/uploads\/2018\/11\/Rost-wird-eingesetzt.jpg\" alt=\"\" width=\"2816\" height=\"2112\" srcset=\"http:\/\/fwg-weissenthurm.de\/wp-content\/uploads\/2018\/11\/Rost-wird-eingesetzt.jpg 2816w, http:\/\/fwg-weissenthurm.de\/wp-content\/uploads\/2018\/11\/Rost-wird-eingesetzt-300x225.jpg 300w, http:\/\/fwg-weissenthurm.de\/wp-content\/uploads\/2018\/11\/Rost-wird-eingesetzt-768x576.jpg 768w, http:\/\/fwg-weissenthurm.de\/wp-content\/uploads\/2018\/11\/Rost-wird-eingesetzt-1024x768.jpg 1024w\" sizes=\"auto, (max-width: 2816px) 100vw, 2816px\" \/><\/a><\/p>\n<p>Hier&nbsp;erkundete die FWG Wei\u00dfenthurm&nbsp; die neu eingerichtete Nette-Obst-Runde<\/p>\n<p><\/p>\n<p><a href=\"http:\/\/fwg-weissenthurm.de\/wp-content\/uploads\/2018\/11\/Nette-Obst-Runde.jpg\"><img loading=\"lazy\" decoding=\"async\" class=\"alignnone size-full wp-image-304\" src=\"http:\/\/fwg-weissenthurm.de\/wp-content\/uploads\/2018\/11\/Nette-Obst-Runde.jpg\" alt=\"\" width=\"3264\" height=\"2448\" srcset=\"http:\/\/fwg-weissenthurm.de\/wp-content\/uploads\/2018\/11\/Nette-Obst-Runde.jpg 3264w, http:\/\/fwg-weissenthurm.de\/wp-content\/uploads\/2018\/11\/Nette-Obst-Runde-300x225.jpg 300w, http:\/\/fwg-weissenthurm.de\/wp-content\/uploads\/2018\/11\/Nette-Obst-Runde-768x576.jpg 768w, http:\/\/fwg-weissenthurm.de\/wp-content\/uploads\/2018\/11\/Nette-Obst-Runde-1024x768.jpg 1024w\" sizes=\"auto, (max-width: 3264px) 100vw, 3264px\" \/><\/a><\/p>\n<p>Mitglieder der FWG nutzen den neuen Halt der RB23 zu einem gemeinsamen Fr\u00fchst\u00fcck in Koblenz. Die FWG hatte lange f\u00fcr diesen Halt gek\u00e4mpft.<\/p>\n<p><a href=\"http:\/\/fwg-weissenthurm.de\/wp-content\/uploads\/2018\/11\/114-1.jpg\"><img loading=\"lazy\" decoding=\"async\" class=\"alignnone size-full wp-image-306\" src=\"http:\/\/fwg-weissenthurm.de\/wp-content\/uploads\/2018\/11\/114-1.jpg\" alt=\"\" width=\"3264\" height=\"2448\" srcset=\"http:\/\/fwg-weissenthurm.de\/wp-content\/uploads\/2018\/11\/114-1.jpg 3264w, http:\/\/fwg-weissenthurm.de\/wp-content\/uploads\/2018\/11\/114-1-300x225.jpg 300w, http:\/\/fwg-weissenthurm.de\/wp-content\/uploads\/2018\/11\/114-1-768x576.jpg 768w, http:\/\/fwg-weissenthurm.de\/wp-content\/uploads\/2018\/11\/114-1-1024x768.jpg 1024w\" sizes=\"auto, (max-width: 3264px) 100vw, 3264px\" \/><\/a><\/p>\n\n\n<h4 class=\"wp-block-heading\"> <\/h4>\n\n\n\n<p class=\"has-very-light-gray-color has-text-color\">.<\/p>\n\n\n\n<h4 class=\"wp-block-heading\">Aktivit\u00e4ten zur Ehrenamtlichen Alltagsunterst\u00fctzung<\/h4>\n\n\n\n<p> <\/p>\n\n\n\n<p>Die unserer Gesellschaft bevorstehenden demografischen Ver\u00e4nderungen machen eine l\u00fcckenlose Versorgung im Alter gerade in Alltagssituationen immer schwieriger. Schon jetzt gibt es Alleinstehende in fortgeschrittenem Alter, die ohne fremde Hilfe die eigenen vier W\u00e4nde kaum verlassen k\u00f6nnen, aber aufgrund einer noch nicht erfolgten Einstufung zur Pflegebed\u00fcrftigkeit keine professionelle Hilfe erhalten. Mit ehrenamtlicher Alltagsunterst\u00fctzung k\u00f6nnten diese Menschen auch weiterhin ein selbst\u00e4ndiges und erf\u00fclltes Leben f\u00fchren. Daher hat sich die FWG Wei\u00dfenthurm schon sehr fr\u00fch mit dieser Idee besch\u00e4ftigt. \u00dcber einen solchen Verein l\u00e4sst sich auf unb\u00fcrokratische Weise eine gegenseitige, generationen\u00fcbergreifende Hilfe in allen Bereichen des t\u00e4glichen Lebens vermitteln. &nbsp;Spazierengehen, der Besuch von Veranstaltungen oder Terminen wie Herzsportgruppe, Arzt oder Altennachmittag, Kleinstreparaturen am Haus oder die Entsorgung von Gr\u00fcnschnitt m\u00fcssen kein un\u00fcberwindliches Problem mehr sein. <\/p>\n\n\n\n<p>Die FWG\nWei\u00dfenthurm hat hinsichtlich der M\u00f6glichkeit eines solchen B\u00fcrgerhilfevereins schon\neine Menge Vorarbeit geleistet. Die Idee hatten die Mitglieder der FWG\nWei\u00dfenthurm am 25.4.2015 bei einem Besuch der Villa Ausonius in Oberfell und\ndem dort ans\u00e4ssigen &#8222;B\u00fcrgerverein Oberfell e.V.&#8220; 2015 kennengelernt\nund waren sofort begeistert. Daher wurde die Fahrt am 26.1.2016 noch einmal\nwiederholt. Neben den Fraktionsmitgliedern der FWG Wei\u00dfenthurm im Stadtrat\nerhielten auch der damalige B\u00fcrgermeister der Verbandsgemeinde Georg Hollmann,\nder Stadtb\u00fcrgermeister Gerd Heim, der Vorsitzende des Wei\u00dfenthurmer\nVereinsrings Manfred Henneberger und der Vorsitzende des\nKirchenverwaltungsrates Manfred Hobbach die Gelegenheit, sich vor Ort ein Bild\n\u00fcber M\u00f6glichkeiten und Chancen eines solchen Vereins zu machen. Am 14.12.2015 erl\u00e4uterte\nJohannes Juchem die Idee dann in der Vereinsringsitzung und Christoph Thilmann\nstellte das Konzept dem Vorstand der B\u00fcrgerstiftung der Verbandsgemeinde und\ndem damaligen 1. Beigeordneten der VG Thomas Przybylla vor. Am 1.3.2017\nbesuchte die Stadtratsfraktion der FWG Wei\u00dfenthurm auch den Vorstand des Seniorenhilfevereins\nPellenz, der eine ehrenamtliche Alltagsunterst\u00fctzung in vorbildlicher Weise\numgesetzt haben.&nbsp; Auch hier konnte sich\ndie FWG wichtige Anregungen zu M\u00f6glichkeiten und Umsetzung eines solchen\nVereins einholen. <\/p>\n\n\n\n<p>Aus den ganzen\nVorbereitungen wurde jedoch deutlich, dass ein solcher Verein eine gro\u00dfe\nHerausforderung darstellt. Daher freut sich die FWG Wei\u00dfenthurm, dass nun\nVerbandsb\u00fcrgermeister Thomas Przybylla, der ebenso seit langem an diese Thema\narbeitet, den Startschuss gibt. Um interessierten B\u00fcrgerinnen und B\u00fcrgern die\nIdee eines B\u00fcrgerhilfeverein n\u00e4herzubringen, veranstaltet die Verbandsgemeinde\nWei\u00dfenthurm am 26. M\u00e4rz 2019, um 18:00 Uhr im gro\u00dfen Ratssaal einen\nInformationsabend.<\/p>\n\n\n\n<p>Die FWG\nWei\u00dfenthurm wird dieses Zukunftsprojekt, dass der Verbandsb\u00fcrgermeister jetzt\nangehen will, mit allen Kr\u00e4ften unterst\u00fctzen. Wichtig ist, dass alle Kr\u00e4fte an\neinem Strang ziehen und alle ins Boot geholt werden, die bereits auf dem Gebiet\nder Seniorenversorgung ehrenamtlich t\u00e4tig sind. <\/p>\n\n\n\n<p>Erfreulicherweise\nscheinen alle politischen Kr\u00e4fte in der Verbandsgemeinde und ganz besonders in\nder Stadt Wei\u00dfenthurm sich f\u00fcr diese Idee engagieren zu wollen. Es gilt nun,\ndie Parteipolitik hinten anzustellen, die notwendigen Strukturen aufzubauen, und\nalle Bev\u00f6lkerungsgruppen f\u00fcr ein solch einzigartiges Projekt zu begeistern. Daher\nwird sich ein Besuch der Informationsveranstaltung am 26.3.2019 in jedem Falle\nlohnen.<\/p>\n","protected":false},"excerpt":{"rendered":"<p>Die FWG erreichte, dass nach 35 Jahren die unsinnigen Zwischengel\u00e4nder an den Br\u00fcckenaufg\u00e4ngen von der Bahnhofstra\u00dfe abmontiert wurden. Monatelang fehlte ein Rost am Br\u00fcckenaufgang. Nachdem die Stadt mehrfach darauf aufmerksam gemacht wurde, hat die FWG dann doch selbst Hand angelegt.&hellip; <\/p>\n","protected":false},"author":1,"featured_media":0,"parent":292,"menu_order":3,"comment_status":"closed","ping_status":"closed","template":"","meta":{"footnotes":""},"class_list":["post-298","page","type-page","status-publish","hentry"],"_links":{"self":[{"href":"http:\/\/fwg-weissenthurm.de\/index.php?rest_route=\/wp\/v2\/pages\/298","targetHints":{"allow":["GET"]}}],"collection":[{"href":"http:\/\/fwg-weissenthurm.de\/index.php?rest_route=\/wp\/v2\/pages"}],"about":[{"href":"http:\/\/fwg-weissenthurm.de\/index.php?rest_route=\/wp\/v2\/types\/page"}],"author":[{"embeddable":true,"href":"http:\/\/fwg-weissenthurm.de\/index.php?rest_route=\/wp\/v2\/users\/1"}],"replies":[{"embeddable":true,"href":"http:\/\/fwg-weissenthurm.de\/index.php?rest_route=%2Fwp%2Fv2%2Fcomments&post=298"}],"version-history":[{"count":9,"href":"http:\/\/fwg-weissenthurm.de\/index.php?rest_route=\/wp\/v2\/pages\/298\/revisions"}],"predecessor-version":[{"id":5009,"href":"http:\/\/fwg-weissenthurm.de\/index.php?rest_route=\/wp\/v2\/pages\/298\/revisions\/5009"}],"up":[{"embeddable":true,"href":"http:\/\/fwg-weissenthurm.de\/index.php?rest_route=\/wp\/v2\/pages\/292"}],"wp:attachment":[{"href":"http:\/\/fwg-weissenthurm.de\/index.php?rest_route=%2Fwp%2Fv2%2Fmedia&parent=298"}],"curies":[{"name":"wp","href":"https:\/\/api.w.org\/{rel}","templated":true}]}}